{"id":48,"date":"2022-04-04T22:39:52","date_gmt":"2022-04-04T19:39:52","guid":{"rendered":"https:\/\/laboratorioafetar.com.br\/?page_id=48"},"modified":"2026-04-08T22:02:24","modified_gmt":"2026-04-08T19:02:24","slug":"producoes","status":"publish","type":"page","link":"https:\/\/laboratorioafetar.com.br\/index.php\/producoes\/","title":{"rendered":"Produ\u00e7\u00f5es"},"content":{"rendered":"\n<div class=\"wp-block-uagb-container uagb-block-f11d8052 alignfull uagb-is-root-container\"><div class=\"uagb-container-inner-blocks-wrap\">\n<h2 class=\"wp-block-heading has-ast-global-color-2-color has-text-color has-x-large-font-size\">Produ\u00e7\u00f5es<\/h2>\n<\/div><\/div>\n\n\n\n<div class=\"wp-block-uagb-container uagb-block-a49869cf alignfull uagb-is-root-container\"><div class=\"uagb-container-inner-blocks-wrap\">\n<h2 class=\"wp-block-heading has-ast-global-color-2-color has-text-color has-large-font-size\">Artigos<\/h2>\n<\/div><\/div>\n\n\n\n<div class=\"wp-block-uagb-container uagb-block-5ce77713 alignfull uagb-is-root-container\"><div class=\"uagb-container-inner-blocks-wrap\">\n<div class=\"wp-block-uagb-call-to-action uagb-block-d375389f wp-block-button\"><div class=\"uagb-cta__wrap\"><h3 class=\"uagb-cta__title\">Defici\u00eancia e &#8216;novo normal&#8217;: algumas reflex\u00f5es para aleijar a universidade<\/h3><p class=\"uagb-cta__desc\">Moraes, Marcia ; ALVES, CAMILA ARA\u00daJO ; REZENDE, ANNA PAULA ; SILVA, LUCILA LIMA DA ; BRAGA, MAUDETH PY ;\u00a0Tsallis, Alexandra\u00a0; CHILUVANE, ANA LU\u00cdSA FILIPE ; ABRANTES, STALLONE PEREIRA ; SANTOS, MARIA APARECIDA DOS ; MELO, RAFAELLE CRISTINE DIOGO ; OLIVEIRA, VALDIRENE NASCIMENTO DA SILVA . Defici\u00eancia e &#8216;novo normal&#8217;: algumas reflex\u00f5es para aleijar a universidade. EDUCA\u00c7\u00c3O: TEORIA E PR\u00c1TICA, v. 35, p. 1-19, 2025.<br><\/p><\/div><div class=\"uagb-cta__buttons\"><a href=\"http:\/\/dx.doi.org\/10.1590\/1807-0310\/2024v36264526\" class=\"uagb-cta__button-link-wrapper wp-block-button__link\" target=\"_blank\" rel=\"noopener noreferrer\">Saiba Mais<\/a><\/div><\/div>\n\n\n\n<div class=\"wp-block-uagb-call-to-action uagb-block-fc9330a3 wp-block-button\"><div class=\"uagb-cta__wrap\"><h3 class=\"uagb-cta__title\">Hosp\u00edcio \u00e9 cemit\u00e9rio<\/h3><p class=\"uagb-cta__desc\">TAVARES, A. D. M. ; SILVEIRA, M. ;&nbsp;TSALLIS, A. C.&nbsp;. Hosp\u00edcio \u00e9 cemit\u00e9rio. Psicologia &amp; Sociedade (Online), v. 36, p. 1-16, 2024.<\/p><\/div><div class=\"uagb-cta__buttons\"><a href=\"http:\/\/dx.doi.org\/10.1590\/1807-0310\/2024v36264526\" class=\"uagb-cta__button-link-wrapper wp-block-button__link\" target=\"_blank\" rel=\"noopener noreferrer\">Saiba Mais<\/a><\/div><\/div>\n<\/div><\/div>\n\n\n\n<div class=\"wp-block-uagb-container uagb-block-907a79cb alignfull uagb-is-root-container\"><div class=\"uagb-container-inner-blocks-wrap\">\n<div class=\"wp-block-uagb-call-to-action uagb-block-a4eff5b2 wp-block-button\"><div class=\"uagb-cta__wrap\"><h3 class=\"uagb-cta__title\">Hist\u00f3rias de um dispositivo cl\u00ednico: carta ao capacitismo que nos habita<\/h3><p class=\"uagb-cta__desc\">VIANNA, K. ; BRITO, M. A. M. ; TREBISACCE, D. C. R. ; TSALLIS, A. C. . HIST\u00d3RIAS DE UM DISPOSITIVO CL\u00cdNICO: CARTA AO CAPACITISMO QUE NOS HABITA. REVISTA DE PSICOLOGIA POL\u00cdTICA, v. 24, p. 1-19, 2024.<\/p><\/div><div class=\"uagb-cta__buttons\"><a href=\"https:\/\/submission-pepsic.scielo.br\/index.php\/rpp\/article\/view\/24518\" class=\"uagb-cta__button-link-wrapper wp-block-button__link\" target=\"_blank\" rel=\"noopener noreferrer\">Saiba Mais<\/a><\/div><\/div>\n<\/div><\/div>\n\n\n\n<div class=\"wp-block-uagb-container uagb-block-c9a7e9f4 alignfull uagb-is-root-container\"><div class=\"uagb-container-inner-blocks-wrap\">\n<div class=\"wp-block-uagb-call-to-action uagb-block-6c251e21 wp-block-button\"><div class=\"uagb-cta__wrap\"><h3 class=\"uagb-cta__title\">Loucura sob ataque: contribui\u00e7\u00f5es de Ignacio Mart\u00edn-Bar\u00f3 sobre coloniza\u00e7\u00e3o, guerra e sa\u00fade mental para o Brasil contempor\u00e2neo<\/h3><p class=\"uagb-cta__desc\">TAVARES, A. D. M.; TSALLIS, A. C. Loucura sob ataque: contribui\u00e7\u00f5es de Ignacio Mart\u00edn-Bar\u00f3 sobre coloniza\u00e7\u00e3o, guerra e sa\u00fade mental para o Brasil contempor\u00e2neo.&nbsp;Estudos de Psicologia (Natal),&nbsp;<em>[S. l.]<\/em>, v. 27, n. 1, p. 104\u2013114, 2023<\/p><\/div><div class=\"uagb-cta__buttons\"><a href=\"https:\/\/submission-pepsic.scielo.br\/index.php\/epsic\/article\/view\/21782\" class=\"uagb-cta__button-link-wrapper wp-block-button__link\" target=\"_blank\" rel=\"noopener noreferrer\">Saiba Mais<\/a><\/div><\/div>\n<\/div><\/div>\n\n\n\n<div class=\"wp-block-uagb-container uagb-block-109b4830 alignfull uagb-is-root-container\"><div class=\"uagb-container-inner-blocks-wrap\">\n<div class=\"wp-block-uagb-call-to-action uagb-block-dd3f85e5 wp-block-button\"><div class=\"uagb-cta__wrap\"><h3 class=\"uagb-cta__title\">Pistas para Pensar o Cuidado no Contexto Hospitalar<\/h3><p class=\"uagb-cta__desc\">SUIM FRANCISCO, R.; CALMON PESSANHA BERMUDES, M.; MARIM AVANCINI, E.; CLEOPATRE TSALLIS, A. Pistas para Pensar o Cuidado no Contexto Hospitalar.&nbsp;Revista Polis e Psique,&nbsp;[S. l.], v. 12, n. 3, p. 195\u2013212, 2023.<\/p><\/div><div class=\"uagb-cta__buttons\"><a href=\"https:\/\/seer.ufrgs.br\/index.php\/PolisePsique\/article\/view\/106194\" class=\"uagb-cta__button-link-wrapper wp-block-button__link\" target=\"_blank\" rel=\"noopener noreferrer\">Saiba Mais<\/a><\/div><\/div>\n<\/div><\/div>\n\n\n\n<div class=\"wp-block-uagb-container uagb-block-e35390fd alignfull uagb-is-root-container\"><div class=\"uagb-container-inner-blocks-wrap\">\n<div class=\"wp-block-uagb-call-to-action uagb-block-58671c2d wp-block-button\"><div class=\"uagb-cta__wrap\"><h3 class=\"uagb-cta__title\">Corp(o)ralidade como metodologia: composi\u00e7\u00f5es poss\u00edveis entre escreviv\u00eancia e filosofia ubuntu<\/h3><p class=\"uagb-cta__desc\">SANTOS, H. S. ; SANTOS, LO\u00cdSE L. L. N.; QUADROS, L. C. T.; TSALLIS, A. C. Corp(o)ralidade como metodologia: composi\u00e7\u00f5es poss\u00edveis entre escreviv\u00eancia e filosofia ubuntu.&nbsp;Psicologia &amp; Sociedade (Online), v. 35, p. 1-17, 2023.<\/p><\/div><div class=\"uagb-cta__buttons\"><a href=\"https:\/\/www.scielo.br\/j\/psoc\/a\/9JfmsczfYMGqkBWt6ZYZKxr\/?lang=pt\" class=\"uagb-cta__button-link-wrapper wp-block-button__link\" target=\"_blank\" rel=\"noopener noreferrer\">Saiba Mais<\/a><\/div><\/div>\n<\/div><\/div>\n\n\n\n<div class=\"wp-block-uagb-container uagb-block-6aaa9eab alignfull uagb-is-root-container\"><div class=\"uagb-container-inner-blocks-wrap\">\n<div class=\"wp-block-uagb-call-to-action uagb-block-9e352af2 wp-block-button\"><div class=\"uagb-cta__wrap\"><h3 class=\"uagb-cta__title\">Why is higher education called higher education? Knowing a little about the history of this education mode in Brazil<\/h3><p class=\"uagb-cta__desc\">ROCHA, Danielly Pierre Procopio da; AIRES, Jackeline Sibelle Freires; MIRANDA, Danielle; TSALLIS, Alexandra Cleopatre. WHY IS HIGHER EDUCATION CALLED HIGHER EDUCATION? &#8211; KNOWING A LITTLE ABOUT THE HISTORY OF THIS EDUCATION MODE IN BRAZIL.&nbsp;International Journal Of Human Sciences Research, [S.L.], v. 3, n. 41, p. 2-11, 6 nov. 2023. Atena Editora Edi\u00e7\u00e3o de Livros Ltda.<\/p><\/div><div class=\"uagb-cta__buttons\"><a href=\"http:\/\/dx.doi.org\/10.22533\/at.ed.5583412303117\" class=\"uagb-cta__button-link-wrapper wp-block-button__link\" target=\"_blank\" rel=\"noopener noreferrer\">Saiba Mais<\/a><\/div><\/div>\n<\/div><\/div>\n\n\n\n<div class=\"wp-block-uagb-container uagb-block-57ae7d7c alignfull uagb-is-root-container\"><div class=\"uagb-container-inner-blocks-wrap\">\n<div class=\"wp-block-uagb-call-to-action uagb-block-a05440ba wp-block-button\"><div class=\"uagb-cta__wrap\"><h3 class=\"uagb-cta__title\">Uma cr\u00edtica autista \u00e0 racionalidade masculina: articula\u00e7\u00f5es entre feminismo e neurodiversidade<\/h3><p class=\"uagb-cta__desc\">TAVARES, A. D. M. ; MATTOS, A. ;&nbsp;TSALLIS, A. C.&nbsp;. Uma cr\u00edtica autista \u00e0 racionalidade masculina: articula\u00e7\u00f5es entre feminismo e neurodiversidade. Cahiers franco-latino-am\u00e9ricains d&#8217;\u00e9tudes sur le handicap, v. 1, p. 1-33, 2023.<\/p><\/div><div class=\"uagb-cta__buttons\"><a href=\"https:\/\/cfla-discapacidad.pergola-publications.fr\/index.php?id=170\" class=\"uagb-cta__button-link-wrapper wp-block-button__link\" target=\"_blank\" rel=\"noopener noreferrer\">Saiba Mais<\/a><\/div><\/div>\n<\/div><\/div>\n\n\n\n<div class=\"wp-block-uagb-container uagb-block-93f91ad7 alignfull uagb-is-root-container\"><div class=\"uagb-container-inner-blocks-wrap\">\n<div class=\"wp-block-uagb-call-to-action uagb-block-6d5bf8d0 wp-block-button\"><div class=\"uagb-cta__wrap\"><h3 class=\"uagb-cta__title\">Desafios e possibilidades do viver sem ver<\/h3><p class=\"uagb-cta__desc\">VIANNA, K.; TSALLIS, A. Desafios e possibilidades do viver sem ver. Arquivos Brasileiros de Psicologia, v. 74, n.1, <br>p. 1-21, 2022.<\/p><\/div><div class=\"uagb-cta__buttons\"><a href=\"https:\/\/revistas.ufrj.br\/index.php\/abp\/article\/view\/55262\" class=\"uagb-cta__button-link-wrapper wp-block-button__link\" target=\"_blank\" rel=\"noopener noreferrer\">Saiba Mais<\/a><\/div><\/div>\n<\/div><\/div>\n\n\n\n<div class=\"wp-block-uagb-container uagb-block-feb4703a alignfull uagb-is-root-container\"><div class=\"uagb-container-inner-blocks-wrap\">\n<div class=\"wp-block-uagb-call-to-action uagb-block-3823806d wp-block-button\"><div class=\"uagb-cta__wrap\"><h3 class=\"uagb-cta__title\">Oficinas Terap\u00eauticas em sa\u00fade mental: pesquisando COM a Teoria Ator-Rede<\/h3><p class=\"uagb-cta__desc\">AIRES, J. S. F.; VIANNA, K.; TSALLIS, A. Oficinas terap\u00eauticas em sa\u00fade mental: pesquisando COM a Teoria Ator-Rede.&nbsp;Fractal: Revista de Psicologia, v. 33, n. 3, p. 212-217, 8 jan. 2022.<\/p><\/div><div class=\"uagb-cta__buttons\"><a href=\"https:\/\/periodicos.uff.br\/fractal\/article\/view\/5986\" class=\"uagb-cta__button-link-wrapper wp-block-button__link\" target=\"_blank\" rel=\"noopener noreferrer\">Saiba Mais<\/a><\/div><\/div>\n<\/div><\/div>\n\n\n\n<div class=\"wp-block-uagb-container uagb-block-3e16ced2 alignfull uagb-is-root-container\"><div class=\"uagb-container-inner-blocks-wrap\">\n<div class=\"wp-block-uagb-call-to-action uagb-block-61cdeb9b wp-block-button\"><div class=\"uagb-cta__wrap\"><h3 class=\"uagb-cta__title\">Sobre afecTAR: del campo a la escritura como laboratorio<\/h3><p class=\"uagb-cta__desc\">TSALLIS, Alexandra; OLIVEIRA MORAES, MARCIA ; BALBINO, BEATRIZ ; AIRES, JACKELINE ; JULIANA BRAVO, JULIANA ; Vianna, Keyth ; RIBEIRO, LARISSE ; LORENA, LO\u00cdSE ; BRITO, MONIQUE ; TEODORO, REBECCA ; AZEVEDO, SONALLE ; BREDARIOL, TEREZA . Sobre afecTAR: del campo a la escritura como laboratorio. SciComm Report, v. 2, p. 1-13, 2022.<\/p><\/div><div class=\"uagb-cta__buttons\"><a href=\"https:\/\/revistas.uautonoma.cl\/index.php\/scr\/article\/view\/1645\" class=\"uagb-cta__button-link-wrapper wp-block-button__link\" target=\"_blank\" rel=\"noopener noreferrer\">Saiba Mais<\/a><\/div><\/div>\n<\/div><\/div>\n\n\n\n<div class=\"wp-block-uagb-container uagb-block-3076b207 alignfull uagb-is-root-container\"><div class=\"uagb-container-inner-blocks-wrap\">\n<div class=\"wp-block-uagb-call-to-action uagb-block-2b0ef8a1 wp-block-button\"><div class=\"uagb-cta__wrap\"><h3 class=\"uagb-cta__title\">Educa\u00e7\u00e3o infantil como cultivo de sa\u00fade e aprendizado no conv\u00edvio: pensando com o novo coronav\u00edrus<\/h3><p class=\"uagb-cta__desc\">BREDARIOL, T. M.; BRITO, M.; Tsallis, A. EDUCA\u00c7\u00c3O INFANTIL COMO CULTIVO DE SA\u00daDE E APRENDIZADO NO CONV\u00cdVIO: PENSANDO COM O NOVO CORONAV\u00cdRUS. HUMANIDADES &amp; INOVA\u00c7\u00c3O, v. 9, n.6, p. 55 &#8211; 66, 2022.<\/p><\/div><div class=\"uagb-cta__buttons\"><a href=\"https:\/\/revista.unitins.br\/index.php\/humanidadeseinovacao\/article\/view\/3655\" class=\"uagb-cta__button-link-wrapper wp-block-button__link\" target=\"_blank\" rel=\"noopener noreferrer\">Saiba Mais<\/a><\/div><\/div>\n<\/div><\/div>\n\n\n\n<div class=\"wp-block-uagb-container uagb-block-d43ffaa7 alignfull uagb-is-root-container\"><div class=\"uagb-container-inner-blocks-wrap\">\n<div class=\"wp-block-uagb-call-to-action uagb-block-bbfe4b29 wp-block-button\"><div class=\"uagb-cta__wrap\"><h3 class=\"uagb-cta__title\">Delirar a realidade: por uma escrita antimanicomial<\/h3><p class=\"uagb-cta__desc\">TAVARES, A. D. M.; MELICIO, T. B. L. ; WENDLING, M. M. ; TSALLIS, A. C. <em>Delirar a Realidade: Por uma Escrita Antimanicomial.<\/em> ESTUDOS E PESQUISAS EM PSICOLOGIA (ONLINE), v. 21, p. 653-673, 2021.<\/p><\/div><div class=\"uagb-cta__buttons\"><a href=\"http:\/\/pepsic.bvsalud.org\/pdf\/epp\/v21n2\/v21n2a15.pdf\" class=\"uagb-cta__button-link-wrapper wp-block-button__link\" target=\"_blank\" rel=\"noopener noreferrer\">Saiba Mais<\/a><\/div><\/div>\n<\/div><\/div>\n\n\n\n<div class=\"wp-block-uagb-container uagb-block-e325efd7 alignfull uagb-is-root-container\"><div class=\"uagb-container-inner-blocks-wrap\">\n<div class=\"wp-block-uagb-call-to-action uagb-block-fba9c671 wp-block-button\"><div class=\"uagb-cta__wrap\"><h3 class=\"uagb-cta__title\">Restos transformados em rastros: aprendendo com as mem\u00f3rias de uma vida de despejo<\/h3><p class=\"uagb-cta__desc\">TSALLIS, A.; BRITO, M. A. M. ; VIANNA, K.; SANTOS, L. L. N. RESTOS TRANSFORMADOS EM RASTROS: aprendendo com as mem\u00f3rias de uma vida de despejo. CADERNOS DE ESTUDOS CULTURAIS, v. 1, p. 9-23, 2021.<\/p><\/div><div class=\"uagb-cta__buttons\"><a href=\"https:\/\/periodicos.ufms.br\/index.php\/cadec\/article\/view\/11367\" class=\"uagb-cta__button-link-wrapper wp-block-button__link\" target=\"_blank\" rel=\"noopener noreferrer\">Saiba Mais<\/a><\/div><\/div>\n<\/div><\/div>\n\n\n\n<div class=\"wp-block-uagb-container uagb-block-badca8ba alignfull uagb-is-root-container\"><div class=\"uagb-container-inner-blocks-wrap\">\n<div class=\"wp-block-uagb-call-to-action uagb-block-ae633e80 wp-block-button\"><div class=\"uagb-cta__wrap\"><h3 class=\"uagb-cta__title\">&#8216;The Athlete an the Hero\u2019s Myth\u2019 in bibliographic reference<\/h3><p class=\"uagb-cta__desc\">PIERI, R. V. ;&nbsp;TSALLIS, A. &#8216;The Athlete an the Hero\u2019s Myth\u2019 in bibliographic reference. Olimpianos &#8211; Journal of Olympic Studies, v. 5, p. 98-115, 2021.<\/p><\/div><div class=\"uagb-cta__buttons\"><a href=\"https:\/\/journal.olimpianos.com.br\/journal\/index.php\/Olimpianos\/article\/view\/124\" class=\"uagb-cta__button-link-wrapper wp-block-button__link\" target=\"_self\" rel=\"noopener noreferrer\">Saiba Mais<\/a><\/div><\/div>\n<\/div><\/div>\n\n\n\n<div class=\"wp-block-uagb-container uagb-block-7600ec06 alignfull uagb-is-root-container\"><div class=\"uagb-container-inner-blocks-wrap\">\n<div class=\"wp-block-uagb-call-to-action uagb-block-2492bfb1 wp-block-button\"><div class=\"uagb-cta__wrap\"><h3 class=\"uagb-cta__title\">Epistemologias do Sul e a experi\u00eancia do Projeto Vidas Paralelas Migrantes Brasil-Fran\u00e7a<\/h3><p class=\"uagb-cta__desc\">LUDERITZ HOEFEL, M. da G.; ARA\u00daJO DE MEDEIROS BRITO, M.; OS\u00d3RIO SEVERO, D.; NUNES ANDRADE, R. G.; CLEOPATRE TSALLIS, A. <em>Epistemolog\u00edas del sur y la experiencia del Proyecto Vidas Paralelas Migrantes Brasil-Francia<\/em>.&nbsp;<strong>Revista de Cultura de paz<\/strong>,&nbsp;<em>[S. l.]<\/em>, v. 5, p. 271\u2013285, 2021.<\/p><\/div><div class=\"uagb-cta__buttons\"><a href=\"https:\/\/revistadeculturadepaz.com\/index.php\/culturapaz\/article\/view\/103\" class=\"uagb-cta__button-link-wrapper wp-block-button__link\" target=\"_self\" rel=\"noopener noreferrer\">Saiba Mais<\/a><\/div><\/div>\n<\/div><\/div>\n\n\n\n<div class=\"wp-block-uagb-container uagb-block-d22cd0b8 alignfull uagb-is-root-container\"><div class=\"uagb-container-inner-blocks-wrap\">\n<div class=\"wp-block-uagb-call-to-action uagb-block-bb39d6a3 wp-block-button\"><div class=\"uagb-cta__wrap\"><h3 class=\"uagb-cta__title\">20 years of -Rede Cidad\u00e3-: education involving mind, body and emotions in the work for social inclusion<\/h3><p class=\"uagb-cta__desc\">ALVES, FERNANDO ALMEIDA ; CARVALHO, MARIA TATIANA PESSOA COSTA DE ;&nbsp;<strong>Tsallis, Alexandra Cleopatre<\/strong>&nbsp;; AIRES, JACKELINE SIBELLE FREIRES . 20 years of -Rede Cidad\u00e3-: education involving mind, body and emotions in the work for social inclusion. International Journal of Human Sciences Research, v. 1, p. 2-8, 2021.<\/p><\/div><div class=\"uagb-cta__buttons\"><a href=\"https:\/\/atenaeditora.com.br\/catalogo\/artigo-revista\/20-years-of-rede-cidada-education-involving-mind-body-and-emotions-in-the-work-for-social-inclusion\" class=\"uagb-cta__button-link-wrapper wp-block-button__link\" target=\"_self\" rel=\"noopener noreferrer\">Saiba Mais<\/a><\/div><\/div>\n<\/div><\/div>\n\n\n\n<div class=\"wp-block-uagb-container uagb-block-5d87d83f alignfull uagb-is-root-container\"><div class=\"uagb-container-inner-blocks-wrap\"><\/div><\/div>\n\n\n\n<hr class=\"wp-block-separator has-text-color has-ast-global-color-2-color has-alpha-channel-opacity has-ast-global-color-2-background-color has-background is-style-dots\"\/>\n\n\n\n<div class=\"wp-block-uagb-container uagb-block-f1f33847 alignfull uagb-is-root-container\"><div class=\"uagb-container-inner-blocks-wrap\">\n<h2 class=\"wp-block-heading has-ast-global-color-2-color has-text-color has-large-font-size\">Livros e Cap\u00edtulos de Livros<\/h2>\n<\/div><\/div>\n\n\n\n<div class=\"wp-block-uagb-container uagb-block-c2a6b391 alignfull uagb-is-root-container\"><div class=\"uagb-container-inner-blocks-wrap\">\n<div class=\"wp-block-uagb-call-to-action uagb-block-b278ff89 wp-block-button\"><div class=\"uagb-cta__wrap\"><h3 class=\"uagb-cta__title\">Acessibilidade e inclus\u00e3o no ensino superior<\/h3><p class=\"uagb-cta__desc\">ALVES, C. ; SOARES, I. V. ;&nbsp;MORAES, M.; MONTEIRO, A. C.L.;&nbsp;TSALLIS, A. <em>Acessibilidade e inclus\u00e3o no ensino superior<\/em>. In: CRUZ, Lilian Rodrigues da; HILLESHEIM, Betina; EICHHERR, Let\u00edcia Ma\u00edsa. (Org.). <strong>Interroga\u00e7\u00f5es \u00e0s pol\u00edticas p\u00fablicas: sobre travessias e tessituras do pesquisar<\/strong>. 1ed. Porto Alegre: Abrapso Editora, 2021, v. 1, p. 55-72.<\/p><\/div><div class=\"uagb-cta__buttons\"><a href=\"https:\/\/site.abrapso.org.br\/wp-content\/uploads\/2021\/11\/Livro-Interrogacoes.pdf\" class=\"uagb-cta__button-link-wrapper wp-block-button__link\" target=\"_self\" rel=\"noopener noreferrer\">Saiba Mais<\/a><\/div><\/div>\n<\/div><\/div>\n\n\n\n<div class=\"wp-block-uagb-container uagb-block-1386199f alignfull uagb-is-root-container\"><div class=\"uagb-container-inner-blocks-wrap\">\n<div class=\"wp-block-uagb-call-to-action uagb-block-fe7c5b6f wp-block-button\"><div class=\"uagb-cta__wrap\"><h3 class=\"uagb-cta__title\">A\u00c7\u00d5ES EDUCADORAS ARTICULADAS EM AUTOGEST\u00c3O: DOS V\u00cdNCULOS AOS COLETIVOS DE UMA ESCOLA WALDORF<\/h3><p class=\"uagb-cta__desc\">Bredariol, T. M.; Francisco, R. S.;&nbsp;Tsallis, A. A\u00c7\u00d5ES EDUCADORAS ARTICULADAS EM AUTOGEST\u00c3O: DOS V\u00cdNCULOS AOS COLETIVOS DE UMA ESCOLA WALDORF. In: SILVA, Am\u00e9rico Junior Nunes da. (Org.). Educa\u00e7\u00e3o: Sociedade Civil, Estado e Pol\u00edticas Educacionais 7. 1ed. Ponta Grossa: Atena Editora, 2021, v. 1, p. 64-75.<\/p><\/div><div class=\"uagb-cta__buttons\"><a href=\"https:\/\/www.atenaeditora.com.br\/catalogo\/ebook\/educacao-sociedade-civil-estado-e-politicas-educacionais-7\" class=\"uagb-cta__button-link-wrapper wp-block-button__link\" target=\"_self\" rel=\"noopener noreferrer\">Saiba Mais<\/a><\/div><\/div>\n<\/div><\/div>\n\n\n\n<div class=\"wp-block-uagb-container uagb-block-be9c5d09 alignfull uagb-is-root-container\"><div class=\"uagb-container-inner-blocks-wrap\">\n<div class=\"wp-block-uagb-call-to-action uagb-block-1a671050 wp-block-button\"><div class=\"uagb-cta__wrap\"><h3 class=\"uagb-cta__title\">A escrita acad\u00eamica como desafio do trabalho de campo em Teoria Ator-Rede<\/h3><p class=\"uagb-cta__desc\">TSALLIS, A; TAVARES, A. M.; MOHR, B.; DAMEDA, C.; SOUZA, D. S.; SABATINI, J.; VIANNA, K.; SANTOS, L. L. N.; BRITO, M.; VIEIRA, M. C.; FRANCISCO, R. S.; MACIEL, R. F. L. A.; PIERI, R.; OLIVEIRA, W. A. A escrita acad\u00eamica como desafio do trabalho de campo em Teoria Ator-Rede. In: Silveira, M.; Moraes, M.; Quadros, L. C. T. (Org.). PesquisarCOM: caminhos f\u00e9rteis para a pesquisa em psicologia. Rio de Janeiro: NAU (2022)., p. 127 \u2013 151.<\/p><\/div><div class=\"uagb-cta__buttons\"><a href=\"https:\/\/naueditora.com.br\/produto\/pesquisarcom-caminhos-ferteis-para-a-pesquisa-em-psicologia\/\" class=\"uagb-cta__button-link-wrapper wp-block-button__link\" target=\"_self\" rel=\"noopener noreferrer\">Saiba Mais<\/a><\/div><\/div>\n<\/div><\/div>\n\n\n\n<div class=\"wp-block-uagb-container uagb-block-617fab2a alignfull uagb-is-root-container\"><div class=\"uagb-container-inner-blocks-wrap\">\n<div class=\"wp-block-uagb-call-to-action uagb-block-a1f49680 wp-block-button\"><div class=\"uagb-cta__wrap\"><h3 class=\"uagb-cta__title\">COM-POR-UERJ: v\u00f4o de Sankofa e as A\u00e7\u00f5es Afirmativas<\/h3><p class=\"uagb-cta__desc\">Santos, L. L. N., Santos, H. S., Fonseca, S. C. A., Guimar\u00e3es, L. S. L., &amp; Tsallis, A. C. (2024). COM-POR-UERJ: v\u00f4o de Sankofa e as A\u00e7\u00f5es Afirmativas. In: Silva, C. A., P\u00e1dua, V. L., Dantas, T. F., &amp; Barata, D. Mem\u00f3rias das a\u00e7\u00f5es afirmativas e das pol\u00edticas de assist\u00eancias estudantis (pp. 182-205). Letra Capital.<\/p><\/div><div class=\"uagb-cta__buttons\"><a href=\"https:\/\/www.letracapital.com.br\/produto\/memorias-das-acoes-afirmativas-e-das-politicas-de-assistencia-estudantis-contribuicoes-sobre-contextos-processos-e-acoes-na-uerj\/\" class=\"uagb-cta__button-link-wrapper wp-block-button__link\" target=\"_blank\" rel=\"noopener noreferrer\">Saiba Mais<\/a><\/div><\/div>\n<\/div><\/div>\n\n\n\n<div class=\"wp-block-uagb-container uagb-block-ab5f7928 alignfull uagb-is-root-container\"><div class=\"uagb-container-inner-blocks-wrap\">\n<div class=\"wp-block-uagb-call-to-action uagb-block-0572c1b2 wp-block-button\"><div class=\"uagb-cta__wrap\"><h3 class=\"uagb-cta__title\">Escrita afetiva: uma ferramenta pol\u00edtica \u00e0s mulheres-m\u00e3es-cientistas<\/h3><p class=\"uagb-cta__desc\">Vianna, K. Escrita afetiva: uma ferramenta pol\u00edtica \u00e0s mulheres-m\u00e3es-cientistas. In: Tecendo cartas : (sobre)viv\u00eancias de mulheres na universidade \/ organiza\u00e7\u00e3o Camila Peixoto Farias, Giovana Fagundes Luczinski. \u2013 S\u00e3o Jo\u00e3o de Meriti, RJ : Desalinho, 2022, pp. 95 &#8211; 100.<\/p><\/div><div class=\"uagb-cta__buttons\"><a href=\"https:\/\/desalinhopublicacoes.com.br\/livros-para-download\" class=\"uagb-cta__button-link-wrapper wp-block-button__link\" target=\"_self\" rel=\"noopener noreferrer\">Saiba Mais<\/a><\/div><\/div>\n<\/div><\/div>\n\n\n\n<div class=\"wp-block-uagb-container uagb-block-fd5dc331 alignfull uagb-is-root-container\"><div class=\"uagb-container-inner-blocks-wrap\">\n<div class=\"wp-block-uagb-call-to-action uagb-block-2e5e2e39 wp-block-button\"><div class=\"uagb-cta__wrap\"><h3 class=\"uagb-cta__title\">O Dan\u00e7ar Afro no Caminhar Ancestral: Remembrar, rememorar e reconhecer<\/h3><p class=\"uagb-cta__desc\">SANTOS, H. S.; SANTOS, L. L. N.; PEREIRA, R. B. T. G.; MIRANDA, E. S.; QUADROS, L. C. T.; OLIVEIRA, W. A.; TSALLIS, A. C. O Dan\u00e7ar Afro no Caminhar Ancestral: Remembrar, rememorar e reconhecer. In: PONCIANO, Edna L\u00facia Tinoco; FEIJOO, Ana Maria Lopez Calvo; GON\u00c7ALVES, Aline da Silva (org.).&nbsp;<strong>Psicologia em pesquisas: formula\u00e7\u00f5es te\u00f3ricas e metodologias inovadoras<\/strong>. Rio de Janeiro: Edi\u00e7\u00f5es Ifen, 2022. p. 201-224.<\/p><\/div><div class=\"uagb-cta__buttons\"><a href=\"https:\/\/www.edicoesifen.com.br\/psicologia-em-pesquisas\" class=\"uagb-cta__button-link-wrapper wp-block-button__link\" target=\"_self\" rel=\"noopener noreferrer\">Saiba Mais<\/a><\/div><\/div>\n<\/div><\/div>\n\n\n\n<div class=\"wp-block-uagb-container uagb-block-8561fae3 alignfull uagb-is-root-container\"><div class=\"uagb-container-inner-blocks-wrap\">\n<div class=\"wp-block-uagb-call-to-action uagb-block-5cb7c18d wp-block-button\"><div class=\"uagb-cta__wrap\"><h3 class=\"uagb-cta__title\">PesquisarCOM #UERJRESISTE: teoria Ator-Rede e sua contribui\u00e7\u00e3o na constru\u00e7\u00e3o do conhecimento<\/h3><p class=\"uagb-cta__desc\">BRITO, A. AIRES, J. OLIVEIRA, J. LOMBA, D. TSALLIS, A.<em> PesquisarCOM #UERJRESISTE: teoria Ator-Rede e sua contribui\u00e7\u00e3o na constru\u00e7\u00e3o do conhecimento<\/em>. <strong>Percursos metodol\u00f3gicos inventivos<\/strong>. p. 47-65, 2021.<\/p><\/div><div class=\"uagb-cta__buttons\"><a href=\"https:\/\/www.pimentacultural.com\/_files\/ugd\/18b7cd_9a37b35d25c442bc80e211cfd5605680.pdf\" class=\"uagb-cta__button-link-wrapper wp-block-button__link\" target=\"_self\" rel=\"noopener noreferrer\">Saiba Mais<\/a><\/div><\/div>\n<\/div><\/div>\n\n\n\n<div class=\"wp-block-uagb-container uagb-block-aff35385 alignfull uagb-is-root-container\"><div class=\"uagb-container-inner-blocks-wrap\">\n<div class=\"wp-block-uagb-call-to-action uagb-block-2c85e127 wp-block-button\"><div class=\"uagb-cta__wrap\"><h3 class=\"uagb-cta__title\">Racializando a fronteira, com-pondo uma pele coletiva<\/h3><p class=\"uagb-cta__desc\">SANTOS, L., Miranda, D., FONSECA, S., Tsallis, A. Racializando a fronteira, com-pondo uma pele coletiva. In: ALVIM, M\u00f4nica; BARROS, Paulo; ALENCAR, Silvia; BRITO, Vanessa (orgs.). Por uma Gestalt-terapia cr\u00edtica e pol\u00edtica: rela\u00e7\u00f5es raciais, g\u00eanero e diversidade sexual. Porto Alegre: Editora Fi, 2022. p. 220-237.<\/p><\/div><div class=\"uagb-cta__buttons\"><a href=\"https:\/\/drive.google.com\/file\/d\/1AJ42zEcYN1p0B0hTDikPQ_Q-qVsVtdNy\/view\" class=\"uagb-cta__button-link-wrapper wp-block-button__link\" target=\"_self\" rel=\"noopener noreferrer\">Saiba Mais<\/a><\/div><\/div>\n<\/div><\/div>\n\n\n\n<div class=\"wp-block-uagb-container uagb-block-3ce86a68 alignfull uagb-is-root-container\"><div class=\"uagb-container-inner-blocks-wrap\">\n<div class=\"wp-block-uagb-call-to-action uagb-block-46541254 wp-block-button\"><div class=\"uagb-cta__wrap\"><h3 class=\"uagb-cta__title\">Retir\u00e2ncias: o que nos move pelo mundo?<\/h3><p class=\"uagb-cta__desc\">BRITO, M.; TSALLIS, A. <em>Retir\u00e2ncias: o que nos move pelo mundo?<\/em> <strong>Rela\u00e7\u00f5es pessoa-ambiente na Am\u00e9rica Latina: perspectivas cr\u00edticas, territorialidades e resist\u00eancias.<\/strong> p. 131-144, 2021.<\/p><\/div><div class=\"uagb-cta__buttons\"><a href=\"https:\/\/repositorio.ufrn.br\/handle\/123456789\/45356\" class=\"uagb-cta__button-link-wrapper wp-block-button__link\" target=\"_self\" rel=\"noopener noreferrer\">Saiba Mais<\/a><\/div><\/div>\n<\/div><\/div>\n\n\n\n<div class=\"wp-block-uagb-container uagb-block-bf715d84 alignfull uagb-is-root-container\"><div class=\"uagb-container-inner-blocks-wrap\">\n<div class=\"wp-block-uagb-call-to-action uagb-block-db429806 wp-block-button\"><div class=\"uagb-cta__wrap\"><h3 class=\"uagb-cta__title\">Sonho-pesadelo: a onda de ser m\u00e3e-cientista em 2020<\/h3><p class=\"uagb-cta__desc\">TSALLIS, A. Sonho-pesadelo: a onda de ser m\u00e3e-cientista em 2020. In: SOARES, Ana Carolina Eiras Coelho; CIDADE, Camilla de Almeida Santos; CARDOSO, Vanessa Clemente (org.).&nbsp;<strong>Maternidades plurais: os diferentes relatos, aventuras e oceanos de ser m\u00e3es cinetistas na pandemia<\/strong>. Belford Roxo: Bindi, 2022. p. 51-59.<\/p><\/div><div class=\"uagb-cta__buttons\"><a href=\"https:\/\/drive.google.com\/file\/d\/1WcixvmTC2Kskay4UDUMddno_i4KvfFSv\/view?usp=sharing\" class=\"uagb-cta__button-link-wrapper wp-block-button__link\" target=\"_self\" rel=\"noopener noreferrer\">Saiba Mais<\/a><\/div><\/div>\n<\/div><\/div>\n\n\n\n<hr class=\"wp-block-separator has-text-color has-ast-global-color-2-color has-alpha-channel-opacity has-ast-global-color-2-background-color has-background is-style-dots\"\/>\n\n\n\n<div class=\"wp-block-uagb-container uagb-block-444823a1 alignfull uagb-is-root-container\"><div class=\"uagb-container-inner-blocks-wrap\">\n<h2 class=\"wp-block-heading has-ast-global-color-2-color has-text-color has-large-font-size\">Teses e Disserta\u00e7\u00f5es<\/h2>\n<\/div><\/div>\n\n\n\n<div class=\"wp-block-uagb-container uagb-block-e6fbc9f5 alignfull uagb-is-root-container\"><div class=\"uagb-container-inner-blocks-wrap\">\n<div class=\"wp-block-uagb-call-to-action uagb-block-92662387 wp-block-button\"><div class=\"uagb-cta__wrap\"><h3 class=\"uagb-cta__title\">&#8220;Quando eu crescer, quero ser crian\u00e7a&#8221;: com um mundo adulto \u00e0s avessas, fazer cartografia<\/h3><p class=\"uagb-cta__desc\">FRANCISCO, R. S. <em>&#8220;Quando eu crescer, quero ser crian\u00e7a&#8221;: como um mundo adulto \u00e0s avessas, fazer cartografia <\/em>. Orientadora: Alexandra Cleopatre Tsallis. 2023. 201f. Tese (Doutorado) \u2013 Curso de Psicologia, Universidade do Estado do Rio de Janeiro, Rio de Janeiro, 2023.<\/p><\/div><div class=\"uagb-cta__buttons\"><a href=\"https:\/\/www.bdtd.uerj.br:8443\/bitstream\/1\/20072\/2\/Tese%20-%20Rayanne%20Suim%20Francisco%20-%202023%20-%20Completa.pdf\" class=\"uagb-cta__button-link-wrapper wp-block-button__link\" target=\"_self\" rel=\"noopener noreferrer\">Saiba Mais<\/a><\/div><\/div>\n\n\n\n<div class=\"wp-block-uagb-call-to-action uagb-block-0fa4b2a0 wp-block-button\"><div class=\"uagb-cta__wrap\"><h3 class=\"uagb-cta__title\">Quem n\u00e3o pode com a formiga n\u00e3o assanha o formigueiro : experi\u00eancia de forma\u00e7\u00e3o de psic\u00f3logas(os) com o PET-Sa\u00fade\/GraduaSUS UERJ<\/h3><p class=\"uagb-cta__desc\">AIRES, J. S. F. <em>&#8220;Quem n\u00e3o pode com a formiga n\u00e3o assanha o formigueiro&#8221;: experi\u00eancia de forma\u00e7\u00e3o de psic\u00f3logas(os) com o PET-Sa\u00fade\/GraduaSUS UERJ<\/em>. Orientador: Alexandra Cleopatre Tsallis. 2019. 87f. Disserta\u00e7\u00e3o (Mestrado) \u2013 Curso de Psicologia, Universidade do Estado do Rio de Janeiro, Rio de Janeiro, 2019.<\/p><\/div><div class=\"uagb-cta__buttons\"><a href=\"https:\/\/www.bdtd.uerj.br:8443\/handle\/1\/15241\" class=\"uagb-cta__button-link-wrapper wp-block-button__link\" target=\"_self\" rel=\"noopener noreferrer\">Saiba Mais<\/a><\/div><\/div>\n<\/div><\/div>\n\n\n\n<hr class=\"wp-block-separator has-text-color has-ast-global-color-2-color has-alpha-channel-opacity has-ast-global-color-2-background-color has-background is-style-dots\"\/>\n\n\n\n<div class=\"wp-block-uagb-container uagb-block-a2bf7288 alignfull uagb-is-root-container\"><div class=\"uagb-container-inner-blocks-wrap\">\n<h2 class=\"wp-block-heading has-ast-global-color-2-color has-text-color has-large-font-size\">Outros Conte\u00fados<\/h2>\n<\/div><\/div>\n\n\n\n<div class=\"wp-block-uagb-container uagb-block-55f7740c alignfull uagb-is-root-container\"><div class=\"uagb-container-inner-blocks-wrap\">\n<div class=\"wp-block-uagb-call-to-action uagb-block-5de3dee2 wp-block-button\"><div class=\"uagb-cta__wrap\"><h3 class=\"uagb-cta__title\">Podcast afeTAR<\/h3><p class=\"uagb-cta__desc\">Podcast feito e criado pela galera do Laborat\u00f3rio afeTAR da UERJ que aposta na afeta\u00e7\u00e3o como um modo poss\u00edvel de tornar o mundo mais plural.<\/p><\/div><div class=\"uagb-cta__buttons\"><a href=\"https:\/\/open.spotify.com\/show\/5zxI23Zj9Bxz9jok62tMOH?si=iwxBe26JTDeWim4wj2zWnA&amp;nd=1\" class=\"uagb-cta__button-link-wrapper wp-block-button__link\" target=\"_self\" rel=\"noopener noreferrer\">Saiba Mais<\/a><\/div><\/div>\n<\/div><\/div>\n\n\n\n<div class=\"wp-block-uagb-container uagb-block-52fa101d alignfull uagb-is-root-container\"><div class=\"uagb-container-inner-blocks-wrap\">\n<div class=\"wp-block-uagb-call-to-action uagb-block-6cd403e4 wp-block-button\"><div class=\"uagb-cta__wrap\"><h3 class=\"uagb-cta__title\">afeTAR no YouTube<\/h3><p class=\"uagb-cta__desc\">Venha conferir as lives, ciclos de debates e muito mais no canal do Laborat\u00f3rio afeTAR no YouTube!<\/p><\/div><div class=\"uagb-cta__buttons\"><a href=\"https:\/\/www.youtube.com\/c\/Laborat%C3%B3rioafeTAR\/videos\" class=\"uagb-cta__button-link-wrapper wp-block-button__link\" target=\"_self\" rel=\"noopener noreferrer\">Saiba Mais<\/a><\/div><\/div>\n<\/div><\/div>\n","protected":false},"excerpt":{"rendered":"<p>Produ\u00e7\u00f5es Artigos Livros e Cap\u00edtulos de Livros Teses e Disserta\u00e7\u00f5es Outros Conte\u00fados<\/p>\n","protected":false},"author":1,"featured_media":0,"parent":0,"menu_order":0,"comment_status":"closed","ping_status":"closed","template":"","meta":{"_uag_custom_page_level_css":"","site-sidebar-layout":"default","site-content-layout":"default","ast-site-content-layout":"default","site-content-style":"default","site-sidebar-style":"default","ast-global-header-display":"","ast-banner-title-visibility":"","ast-main-header-display":"","ast-hfb-above-header-display":"","ast-hfb-below-header-display":"","ast-hfb-mobile-header-display":"","site-post-title":"disabled","ast-breadcrumbs-content":"","ast-featured-img":"","footer-sml-layout":"","theme-transparent-header-meta":"default","adv-header-id-meta":"","stick-header-meta":"","header-above-stick-meta":"","header-main-stick-meta":"","header-below-stick-meta":"","astra-migrate-meta-layouts":"set","ast-page-background-enabled":"default","ast-page-background-meta":{"desktop":{"background-color":"var(--ast-global-color-4)","background-image":"","background-repeat":"repeat","background-position":"center center","background-size":"auto","background-attachment":"scroll","background-type":"","background-media":"","overlay-type":"","overlay-color":"","overlay-opacity":"","overlay-gradient":""},"tablet":{"background-color":"","background-image":"","background-repeat":"repeat","background-position":"center center","background-size":"auto","background-attachment":"scroll","background-type":"","background-media":"","overlay-type":"","overlay-color":"","overlay-opacity":"","overlay-gradient":""},"mobile":{"background-color":"","background-image":"","background-repeat":"repeat","background-position":"center center","background-size":"auto","background-attachment":"scroll","background-type":"","background-media":"","overlay-type":"","overlay-color":"","overlay-opacity":"","overlay-gradient":""}},"ast-content-background-meta":{"desktop":{"background-color":"var(--ast-global-color-5)","background-image":"","background-repeat":"repeat","background-position":"center center","background-size":"auto","background-attachment":"scroll","background-type":"","background-media":"","overlay-type":"","overlay-color":"","overlay-opacity":"","overlay-gradient":""},"tablet":{"background-color":"var(--ast-global-color-5)","background-image":"","background-repeat":"repeat","background-position":"center center","background-size":"auto","background-attachment":"scroll","background-type":"","background-media":"","overlay-type":"","overlay-color":"","overlay-opacity":"","overlay-gradient":""},"mobile":{"background-color":"var(--ast-global-color-5)","background-image":"","background-repeat":"repeat","background-position":"center center","background-size":"auto","background-attachment":"scroll","background-type":"","background-media":"","overlay-type":"","overlay-color":"","overlay-opacity":"","overlay-gradient":""}},"footnotes":""},"class_list":["post-48","page","type-page","status-publish","hentry"],"aioseo_notices":[],"uagb_featured_image_src":{"full":false,"thumbnail":false,"medium":false,"medium_large":false,"large":false,"1536x1536":false,"2048x2048":false},"uagb_author_info":{"display_name":"wpafetar@gmail.com","author_link":"https:\/\/laboratorioafetar.com.br\/index.php\/author\/wpafetargmail-com\/"},"uagb_comment_info":0,"uagb_excerpt":"Produ\u00e7\u00f5es Artigos Livros e Cap\u00edtulos de Livros Teses e Disserta\u00e7\u00f5es Outros Conte\u00fados","_links":{"self":[{"href":"https:\/\/laboratorioafetar.com.br\/index.php\/wp-json\/wp\/v2\/pages\/48","targetHints":{"allow":["GET"]}}],"collection":[{"href":"https:\/\/laboratorioafetar.com.br\/index.php\/wp-json\/wp\/v2\/pages"}],"about":[{"href":"https:\/\/laboratorioafetar.com.br\/index.php\/wp-json\/wp\/v2\/types\/page"}],"author":[{"embeddable":true,"href":"https:\/\/laboratorioafetar.com.br\/index.php\/wp-json\/wp\/v2\/users\/1"}],"replies":[{"embeddable":true,"href":"https:\/\/laboratorioafetar.com.br\/index.php\/wp-json\/wp\/v2\/comments?post=48"}],"version-history":[{"count":87,"href":"https:\/\/laboratorioafetar.com.br\/index.php\/wp-json\/wp\/v2\/pages\/48\/revisions"}],"predecessor-version":[{"id":487,"href":"https:\/\/laboratorioafetar.com.br\/index.php\/wp-json\/wp\/v2\/pages\/48\/revisions\/487"}],"wp:attachment":[{"href":"https:\/\/laboratorioafetar.com.br\/index.php\/wp-json\/wp\/v2\/media?parent=48"}],"curies":[{"name":"wp","href":"https:\/\/api.w.org\/{rel}","templated":true}]}}